{"id":300,"date":"2014-06-06T19:06:05","date_gmt":"2014-06-06T19:06:05","guid":{"rendered":"http:\/\/450841.test-my-website.de\/?page_id=300"},"modified":"2024-07-03T19:36:13","modified_gmt":"2024-07-03T19:36:13","slug":"gemeinderatsfraktion","status":"publish","type":"page","link":"https:\/\/gruene-reilingen.de\/?page_id=300","title":{"rendered":"Fraktion"},"content":{"rendered":"\r\n\r\n\r\n\r\n\r\n\r\n\r\n\r\n \r\n\r\n<p>Im Jahr 1984 zog erstmals&nbsp;eine Gr\u00fcne in den Reilinger Gemeinderat ein: Elke Juan. 1987 gab sie ihr Mandat auf, Nachr\u00fccker gab es damals bei den Gr\u00fcnen nicht.<\/p>\n<p>Aufgrund des sensationellen Erfolgs von 12,4 % f\u00fcr die Reilinger Gr\u00fcnen bei der Gemeinderatswahl 2014 nahmen erstmals seit fast 30 Jahren wieder Gr\u00fcne am Ratstisch Platz. Anna-Lena Becker und Jochen Rotter bildeten die Gr\u00fcne-Gemeinderatsfraktion. Bei der Gemeinderatswahl 2019 konnten die Reilinger Gr\u00fcnen 18,8 Prozent der Stimmen erzielen und einen dritten Sitz erobern. Die Gemeinderatsfraktion wurde vom Juli 2019 bis Dezember 2020 von Anna-Lena Becker, Lisa Dorn und Carolin Michl gebildet. Im Dezember 2020 ersetzte Simon Schell Anna-Lena Becker. Im Mai 2023 schied Lisa Dorn als Gemeinder\u00e4tin aus. Im Juni 2023 r\u00fcckte Jochen Rotter als Gemeinderat nach. Nach der Gemeinderatswahl 2024 (13,9 %) bilden Anna-Lena Becker und Simon Schell die Gemeinderatsfraktion.<\/p>\n\n\n<div class=\"wp-block-media-text alignwide is-stacked-on-mobile\"><figure class=\"wp-block-media-text__media\"><img loading=\"lazy\" decoding=\"async\" width=\"343\" height=\"500\" src=\"https:\/\/gruene-reilingen.de\/wp-content\/uploads\/2024\/04\/Simon_Schell_jed2781_gweb-343x500.jpg\" alt=\"\" class=\"wp-image-2764 size-full\" srcset=\"https:\/\/gruene-reilingen.de\/wp-content\/uploads\/2024\/04\/Simon_Schell_jed2781_gweb-343x500.jpg 343w, https:\/\/gruene-reilingen.de\/wp-content\/uploads\/2024\/04\/Simon_Schell_jed2781_gweb-254x370.jpg 254w, https:\/\/gruene-reilingen.de\/wp-content\/uploads\/2024\/04\/Simon_Schell_jed2781_gweb-768x1119.jpg 768w, https:\/\/gruene-reilingen.de\/wp-content\/uploads\/2024\/04\/Simon_Schell_jed2781_gweb-1054x1536.jpg 1054w, https:\/\/gruene-reilingen.de\/wp-content\/uploads\/2024\/04\/Simon_Schell_jed2781_gweb.jpg 1235w\" sizes=\"auto, (max-width: 343px) 100vw, 343px\" \/><\/figure><div class=\"wp-block-media-text__content\">\n<p><strong>Simon Schell<\/strong><\/p>\n\n\n\n<p>Fraktionssprecher<\/p>\n\n\n\n<p>Mitglied im Verwaltungsausschuss<\/p>\n\n\n\n<p>Mitglied im Ausschuss f\u00fcr Umwelt und Natur<\/p>\n\n\n\n<p><\/p>\n\n\n\n<p>Mitglied im Arbeitskreis Jugend und Schule<\/p>\n\n\n\n<p>Vorstandsmitglied Verein Amici Reilingen-Mezzago<\/p>\n<\/div><\/div>\n\n\n\n<p><\/p>\n\n\n\n<div class=\"wp-block-media-text alignwide is-stacked-on-mobile\"><figure class=\"wp-block-media-text__media\"><img loading=\"lazy\" decoding=\"async\" width=\"334\" height=\"500\" src=\"https:\/\/gruene-reilingen.de\/wp-content\/uploads\/2024\/07\/b90g_2024_-b90g_2024_anna-lena_becker_jed2106_pp_a_gweb-334x500.jpg\" alt=\"\" class=\"wp-image-2947 size-full\" srcset=\"https:\/\/gruene-reilingen.de\/wp-content\/uploads\/2024\/07\/b90g_2024_-b90g_2024_anna-lena_becker_jed2106_pp_a_gweb-334x500.jpg 334w, https:\/\/gruene-reilingen.de\/wp-content\/uploads\/2024\/07\/b90g_2024_-b90g_2024_anna-lena_becker_jed2106_pp_a_gweb-247x370.jpg 247w, https:\/\/gruene-reilingen.de\/wp-content\/uploads\/2024\/07\/b90g_2024_-b90g_2024_anna-lena_becker_jed2106_pp_a_gweb-768x1151.jpg 768w, https:\/\/gruene-reilingen.de\/wp-content\/uploads\/2024\/07\/b90g_2024_-b90g_2024_anna-lena_becker_jed2106_pp_a_gweb-1025x1536.jpg 1025w, https:\/\/gruene-reilingen.de\/wp-content\/uploads\/2024\/07\/b90g_2024_-b90g_2024_anna-lena_becker_jed2106_pp_a_gweb.jpg 1201w\" sizes=\"auto, (max-width: 334px) 100vw, 334px\" \/><\/figure><div class=\"wp-block-media-text__content\">\n<p><strong>Anna-Lena Becker<\/strong><\/p>\n\n\n\n<p>stellv. Fraktionssprecherin<\/p>\n\n\n\n<p>Mitglied im Technischen Ausschuss<\/p>\n\n\n\n<p>Aufsichtsr\u00e4tin der KWG Reilingen mbH<\/p>\n\n\n\n<p>Mitglied im Kultur-, Sozial-, Hallen- und Sportausschuss<\/p>\n\n\n\n<p>Mitglied im Kindergartenausschuss<\/p>\n\n\n\n<p>Vorstandsmitglied Freundeskreis Reilingen-Jargeau<\/p>\n<\/div><\/div>\n\n\n\n<div class=\"wp-block-media-text alignwide is-stacked-on-mobile\"><figure class=\"wp-block-media-text__media\"><img decoding=\"async\" src=\"https:\/\/gruene-reilingen.de\/wp-content\/uploads\/2024\/04\/Simon_Schell_jed2781_g.jpg\" alt=\"\" class=\"wp-image-2672 size-full\"\/><\/figure><div class=\"wp-block-media-text__content\">\n<p><\/p>\n<\/div><\/div>\n\n\n\n<p><\/p>\n\n\n\n<div class=\"wp-block-media-text alignwide is-stacked-on-mobile\"><figure class=\"wp-block-media-text__media\"><img decoding=\"async\" src=\"https:\/\/gruene-reilingen.de\/wp-content\/uploads\/2024\/04\/Jochen_Rotter_jed2809_g.jpg\" alt=\"\" class=\"wp-image-2667 size-full\"\/><\/figure><div class=\"wp-block-media-text__content\">\n<p><\/p>\n<\/div><\/div>\n\n\n\n<p><\/p>\n\n\n\n<div class=\"wp-block-media-text alignwide is-stacked-on-mobile\"><figure class=\"wp-block-media-text__media\"><img decoding=\"async\" src=\"https:\/\/gruene-reilingen.de\/wp-content\/uploads\/2024\/04\/Carob90g_2024_-b90g_2024_carolin-hoffmann_jed1838_pp_a_g.jpg\" alt=\"\" class=\"wp-image-2674 size-full\"\/><\/figure><div class=\"wp-block-media-text__content\">\n<p><\/p>\n<\/div><\/div>\n\n\n\n<p><\/p>\n\n\n\n<p><\/p>\n\n\n\n<p><\/p>\n","protected":false},"excerpt":{"rendered":"<p>Im Jahr 1984 zog erstmals&nbsp;eine Gr\u00fcne in den Reilinger Gemeinderat ein: Elke Juan. 1987 gab sie ihr Mandat auf, Nachr\u00fccker gab es damals bei den Gr\u00fcnen nicht. Aufgrund des sensationellen [&hellip;]<\/p>\n","protected":false},"author":2,"featured_media":0,"parent":0,"menu_order":0,"comment_status":"closed","ping_status":"closed","template":"","meta":{"footnotes":""},"class_list":["post-300","page","type-page","status-publish","hentry"],"yoast_head":"<!-- This site is optimized with the Yoast SEO plugin v27.5 - https:\/\/yoast.com\/product\/yoast-seo-wordpress\/ -->\n<title>Fraktion - B\u00dcNDNIS 90\/DIE GR\u00dcNEN REILINGEN<\/title>\n<meta name=\"robots\" content=\"index, follow, max-snippet:-1, max-image-preview:large, max-video-preview:-1\" \/>\n<link rel=\"canonical\" href=\"https:\/\/gruene-reilingen.de\/?page_id=300\" \/>\n<meta property=\"og:locale\" content=\"de_DE\" \/>\n<meta property=\"og:type\" content=\"article\" \/>\n<meta property=\"og:title\" content=\"Fraktion - B\u00dcNDNIS 90\/DIE GR\u00dcNEN REILINGEN\" \/>\n<meta property=\"og:description\" content=\"Im Jahr 1984 zog erstmals&nbsp;eine Gr\u00fcne in den Reilinger Gemeinderat ein: Elke Juan. 1987 gab sie ihr Mandat auf, Nachr\u00fccker gab es damals bei den Gr\u00fcnen nicht. Aufgrund des sensationellen [&hellip;]\" \/>\n<meta property=\"og:url\" content=\"https:\/\/gruene-reilingen.de\/?page_id=300\" \/>\n<meta property=\"og:site_name\" content=\"B\u00dcNDNIS 90\/DIE GR\u00dcNEN REILINGEN\" \/>\n<meta property=\"article:modified_time\" content=\"2024-07-03T19:36:13+00:00\" \/>\n<meta property=\"og:image\" content=\"https:\/\/gruene-reilingen.de\/wp-content\/uploads\/2024\/04\/Simon_Schell_jed2781_gweb-343x500.jpg\" \/>\n<meta name=\"twitter:card\" content=\"summary_large_image\" \/>\n<meta name=\"twitter:label1\" content=\"Gesch\u00e4tzte Lesezeit\" \/>\n\t<meta name=\"twitter:data1\" content=\"3\u00a0Minuten\" \/>\n<script type=\"application\/ld+json\" class=\"yoast-schema-graph\">{\"@context\":\"https:\\\/\\\/schema.org\",\"@graph\":[{\"@type\":\"WebPage\",\"@id\":\"https:\\\/\\\/gruene-reilingen.de\\\/?page_id=300\",\"url\":\"https:\\\/\\\/gruene-reilingen.de\\\/?page_id=300\",\"name\":\"Fraktion - B\u00dcNDNIS 90\\\/DIE GR\u00dcNEN REILINGEN\",\"isPartOf\":{\"@id\":\"https:\\\/\\\/gruene-reilingen.de\\\/#website\"},\"primaryImageOfPage\":{\"@id\":\"https:\\\/\\\/gruene-reilingen.de\\\/?page_id=300#primaryimage\"},\"image\":{\"@id\":\"https:\\\/\\\/gruene-reilingen.de\\\/?page_id=300#primaryimage\"},\"thumbnailUrl\":\"https:\\\/\\\/gruene-reilingen.de\\\/wp-content\\\/uploads\\\/2024\\\/04\\\/Simon_Schell_jed2781_gweb-343x500.jpg\",\"datePublished\":\"2014-06-06T19:06:05+00:00\",\"dateModified\":\"2024-07-03T19:36:13+00:00\",\"breadcrumb\":{\"@id\":\"https:\\\/\\\/gruene-reilingen.de\\\/?page_id=300#breadcrumb\"},\"inLanguage\":\"de\",\"potentialAction\":[{\"@type\":\"ReadAction\",\"target\":[\"https:\\\/\\\/gruene-reilingen.de\\\/?page_id=300\"]}]},{\"@type\":\"ImageObject\",\"inLanguage\":\"de\",\"@id\":\"https:\\\/\\\/gruene-reilingen.de\\\/?page_id=300#primaryimage\",\"url\":\"https:\\\/\\\/gruene-reilingen.de\\\/wp-content\\\/uploads\\\/2024\\\/04\\\/Simon_Schell_jed2781_gweb.jpg\",\"contentUrl\":\"https:\\\/\\\/gruene-reilingen.de\\\/wp-content\\\/uploads\\\/2024\\\/04\\\/Simon_Schell_jed2781_gweb.jpg\",\"width\":1235,\"height\":1800},{\"@type\":\"BreadcrumbList\",\"@id\":\"https:\\\/\\\/gruene-reilingen.de\\\/?page_id=300#breadcrumb\",\"itemListElement\":[{\"@type\":\"ListItem\",\"position\":1,\"name\":\"Startseite\",\"item\":\"https:\\\/\\\/gruene-reilingen.de\\\/\"},{\"@type\":\"ListItem\",\"position\":2,\"name\":\"Fraktion\"}]},{\"@type\":\"WebSite\",\"@id\":\"https:\\\/\\\/gruene-reilingen.de\\\/#website\",\"url\":\"https:\\\/\\\/gruene-reilingen.de\\\/\",\"name\":\"B\u00dcNDNIS 90\\\/DIE GR\u00dcNEN REILINGEN\",\"description\":\"\",\"potentialAction\":[{\"@type\":\"SearchAction\",\"target\":{\"@type\":\"EntryPoint\",\"urlTemplate\":\"https:\\\/\\\/gruene-reilingen.de\\\/?s={search_term_string}\"},\"query-input\":{\"@type\":\"PropertyValueSpecification\",\"valueRequired\":true,\"valueName\":\"search_term_string\"}}],\"inLanguage\":\"de\"}]}<\/script>\n<!-- \/ Yoast SEO plugin. -->","yoast_head_json":{"title":"Fraktion - B\u00dcNDNIS 90\/DIE GR\u00dcNEN REILINGEN","robots":{"index":"index","follow":"follow","max-snippet":"max-snippet:-1","max-image-preview":"max-image-preview:large","max-video-preview":"max-video-preview:-1"},"canonical":"https:\/\/gruene-reilingen.de\/?page_id=300","og_locale":"de_DE","og_type":"article","og_title":"Fraktion - B\u00dcNDNIS 90\/DIE GR\u00dcNEN REILINGEN","og_description":"Im Jahr 1984 zog erstmals&nbsp;eine Gr\u00fcne in den Reilinger Gemeinderat ein: Elke Juan. 1987 gab sie ihr Mandat auf, Nachr\u00fccker gab es damals bei den Gr\u00fcnen nicht. Aufgrund des sensationellen [&hellip;]","og_url":"https:\/\/gruene-reilingen.de\/?page_id=300","og_site_name":"B\u00dcNDNIS 90\/DIE GR\u00dcNEN REILINGEN","article_modified_time":"2024-07-03T19:36:13+00:00","og_image":[{"url":"https:\/\/gruene-reilingen.de\/wp-content\/uploads\/2024\/04\/Simon_Schell_jed2781_gweb-343x500.jpg","type":"","width":"","height":""}],"twitter_card":"summary_large_image","twitter_misc":{"Gesch\u00e4tzte Lesezeit":"3\u00a0Minuten"},"schema":{"@context":"https:\/\/schema.org","@graph":[{"@type":"WebPage","@id":"https:\/\/gruene-reilingen.de\/?page_id=300","url":"https:\/\/gruene-reilingen.de\/?page_id=300","name":"Fraktion - B\u00dcNDNIS 90\/DIE GR\u00dcNEN REILINGEN","isPartOf":{"@id":"https:\/\/gruene-reilingen.de\/#website"},"primaryImageOfPage":{"@id":"https:\/\/gruene-reilingen.de\/?page_id=300#primaryimage"},"image":{"@id":"https:\/\/gruene-reilingen.de\/?page_id=300#primaryimage"},"thumbnailUrl":"https:\/\/gruene-reilingen.de\/wp-content\/uploads\/2024\/04\/Simon_Schell_jed2781_gweb-343x500.jpg","datePublished":"2014-06-06T19:06:05+00:00","dateModified":"2024-07-03T19:36:13+00:00","breadcrumb":{"@id":"https:\/\/gruene-reilingen.de\/?page_id=300#breadcrumb"},"inLanguage":"de","potentialAction":[{"@type":"ReadAction","target":["https:\/\/gruene-reilingen.de\/?page_id=300"]}]},{"@type":"ImageObject","inLanguage":"de","@id":"https:\/\/gruene-reilingen.de\/?page_id=300#primaryimage","url":"https:\/\/gruene-reilingen.de\/wp-content\/uploads\/2024\/04\/Simon_Schell_jed2781_gweb.jpg","contentUrl":"https:\/\/gruene-reilingen.de\/wp-content\/uploads\/2024\/04\/Simon_Schell_jed2781_gweb.jpg","width":1235,"height":1800},{"@type":"BreadcrumbList","@id":"https:\/\/gruene-reilingen.de\/?page_id=300#breadcrumb","itemListElement":[{"@type":"ListItem","position":1,"name":"Startseite","item":"https:\/\/gruene-reilingen.de\/"},{"@type":"ListItem","position":2,"name":"Fraktion"}]},{"@type":"WebSite","@id":"https:\/\/gruene-reilingen.de\/#website","url":"https:\/\/gruene-reilingen.de\/","name":"B\u00dcNDNIS 90\/DIE GR\u00dcNEN REILINGEN","description":"","potentialAction":[{"@type":"SearchAction","target":{"@type":"EntryPoint","urlTemplate":"https:\/\/gruene-reilingen.de\/?s={search_term_string}"},"query-input":{"@type":"PropertyValueSpecification","valueRequired":true,"valueName":"search_term_string"}}],"inLanguage":"de"}]}},"_links":{"self":[{"href":"https:\/\/gruene-reilingen.de\/index.php?rest_route=\/wp\/v2\/pages\/300","targetHints":{"allow":["GET"]}}],"collection":[{"href":"https:\/\/gruene-reilingen.de\/index.php?rest_route=\/wp\/v2\/pages"}],"about":[{"href":"https:\/\/gruene-reilingen.de\/index.php?rest_route=\/wp\/v2\/types\/page"}],"author":[{"embeddable":true,"href":"https:\/\/gruene-reilingen.de\/index.php?rest_route=\/wp\/v2\/users\/2"}],"replies":[{"embeddable":true,"href":"https:\/\/gruene-reilingen.de\/index.php?rest_route=%2Fwp%2Fv2%2Fcomments&post=300"}],"version-history":[{"count":73,"href":"https:\/\/gruene-reilingen.de\/index.php?rest_route=\/wp\/v2\/pages\/300\/revisions"}],"predecessor-version":[{"id":2952,"href":"https:\/\/gruene-reilingen.de\/index.php?rest_route=\/wp\/v2\/pages\/300\/revisions\/2952"}],"wp:attachment":[{"href":"https:\/\/gruene-reilingen.de\/index.php?rest_route=%2Fwp%2Fv2%2Fmedia&parent=300"}],"curies":[{"name":"wp","href":"https:\/\/api.w.org\/{rel}","templated":true}]}}