{"id":90,"date":"2014-04-14T01:26:57","date_gmt":"2014-04-14T01:26:57","guid":{"rendered":"http:\/\/450841.test-my-website.de\/?page_id=90"},"modified":"2024-05-22T10:28:23","modified_gmt":"2024-05-22T10:28:23","slug":"kandidaten","status":"publish","type":"page","link":"https:\/\/gruene-reilingen.de\/?page_id=90","title":{"rendered":"Kandidatinnen und Kandidaten"},"content":{"rendered":"\r\n\r\n\r\n\r\n\r\n\r\n\r\n\r\n \r\n\r\n<h1 style=\"text-align: center;\">F\u00fcr heute, f\u00fcr morgen, f\u00fcr Reilingen<\/h1>\n<p style=\"text-align: center;\">Unsere Gemeinderatskandidatinnen und -kandidaten f\u00fcr Reilingen<\/p>\n<p><\/p>\n\n\n<div class=\"wp-block-media-text alignwide is-stacked-on-mobile\"><figure class=\"wp-block-media-text__media\"><img loading=\"lazy\" decoding=\"async\" width=\"334\" height=\"500\" src=\"https:\/\/gruene-reilingen.de\/wp-content\/uploads\/2024\/04\/b90g_2024_-b90g_2024_anna-lena_becker_jed2106_pp_a_gweb-334x500.jpg\" alt=\"\" class=\"wp-image-2748 size-full\" srcset=\"https:\/\/gruene-reilingen.de\/wp-content\/uploads\/2024\/04\/b90g_2024_-b90g_2024_anna-lena_becker_jed2106_pp_a_gweb-334x500.jpg 334w, https:\/\/gruene-reilingen.de\/wp-content\/uploads\/2024\/04\/b90g_2024_-b90g_2024_anna-lena_becker_jed2106_pp_a_gweb-247x370.jpg 247w, https:\/\/gruene-reilingen.de\/wp-content\/uploads\/2024\/04\/b90g_2024_-b90g_2024_anna-lena_becker_jed2106_pp_a_gweb-768x1151.jpg 768w, https:\/\/gruene-reilingen.de\/wp-content\/uploads\/2024\/04\/b90g_2024_-b90g_2024_anna-lena_becker_jed2106_pp_a_gweb-1025x1536.jpg 1025w, https:\/\/gruene-reilingen.de\/wp-content\/uploads\/2024\/04\/b90g_2024_-b90g_2024_anna-lena_becker_jed2106_pp_a_gweb.jpg 1201w\" sizes=\"auto, (max-width: 334px) 100vw, 334px\" \/><\/figure><div class=\"wp-block-media-text__content\">\n<p>Listenplatz 1<\/p>\n\n\n\n<p><strong>Anna-Lena Becker<\/strong><\/p>\n\n\n\n<p>40 Jahre, verheiratet, 2 Kinder<\/p>\n\n\n\n<p>selbst\u00e4ndig im Souvenir-Einzelhandel<\/p>\n\n\n\n<p>Ortsverbandssprecherin Reilinger Gr\u00fcne<\/p>\n\n\n\n<p>Mitglied CVJM Reilingen<\/p>\n\n\n\n<p>&#8222;Mit unseren Jungs bin ich gerne und oft drau\u00dfen. Um den Kopf frei zu bekommen, mache ich gerne Yoga.&#8220;<\/p>\n<\/div><\/div>\n\n\n\n<p><\/p>\n\n\n\n<div class=\"wp-block-media-text alignwide is-stacked-on-mobile\"><figure class=\"wp-block-media-text__media\"><img loading=\"lazy\" decoding=\"async\" width=\"343\" height=\"500\" src=\"https:\/\/gruene-reilingen.de\/wp-content\/uploads\/2024\/04\/Simon_Schell_jed2781_gweb-343x500.jpg\" alt=\"\" class=\"wp-image-2764 size-full\" srcset=\"https:\/\/gruene-reilingen.de\/wp-content\/uploads\/2024\/04\/Simon_Schell_jed2781_gweb-343x500.jpg 343w, https:\/\/gruene-reilingen.de\/wp-content\/uploads\/2024\/04\/Simon_Schell_jed2781_gweb-254x370.jpg 254w, https:\/\/gruene-reilingen.de\/wp-content\/uploads\/2024\/04\/Simon_Schell_jed2781_gweb-768x1119.jpg 768w, https:\/\/gruene-reilingen.de\/wp-content\/uploads\/2024\/04\/Simon_Schell_jed2781_gweb-1054x1536.jpg 1054w, https:\/\/gruene-reilingen.de\/wp-content\/uploads\/2024\/04\/Simon_Schell_jed2781_gweb.jpg 1235w\" sizes=\"auto, (max-width: 343px) 100vw, 343px\" \/><\/figure><div class=\"wp-block-media-text__content\">\n<p>Listenplatz 2<\/p>\n\n\n\n<p><strong>Simon Schell<\/strong><\/p>\n\n\n\n<p>45 Jahre, verheiratet<\/p>\n\n\n\n<p>Lehrer f\u00fcr Mathematik und Physik an der Carl-Theodor-Schule Schwetzingen<\/p>\n\n\n\n<p>Fraktionssprecher Reilinger Gr\u00fcne<\/p>\n\n\n\n<p>Mitglied des evangelischen Kirchengemeinderats<\/p>\n\n\n\n<p>Mitglied im CVJM, evangelischen Posaunenchor, evangelischen Bau- und F\u00f6rderverein und Amici Mezzago<\/p>\n\n\n\n<p>Vorstandsmitglied der Freunde Reilinger Geschichte<\/p>\n<\/div><\/div>\n\n\n\n<p><\/p>\n\n\n\n<div class=\"wp-block-media-text alignwide is-stacked-on-mobile\"><figure class=\"wp-block-media-text__media\"><img loading=\"lazy\" decoding=\"async\" width=\"334\" height=\"500\" src=\"https:\/\/gruene-reilingen.de\/wp-content\/uploads\/2024\/04\/b90g_2024_-b90g_2024_lisa-_lautenschlaeger_jed2209_pp_a_gweb-334x500.jpg\" alt=\"\" class=\"wp-image-2754 size-full\" srcset=\"https:\/\/gruene-reilingen.de\/wp-content\/uploads\/2024\/04\/b90g_2024_-b90g_2024_lisa-_lautenschlaeger_jed2209_pp_a_gweb-334x500.jpg 334w, https:\/\/gruene-reilingen.de\/wp-content\/uploads\/2024\/04\/b90g_2024_-b90g_2024_lisa-_lautenschlaeger_jed2209_pp_a_gweb-247x370.jpg 247w, https:\/\/gruene-reilingen.de\/wp-content\/uploads\/2024\/04\/b90g_2024_-b90g_2024_lisa-_lautenschlaeger_jed2209_pp_a_gweb-768x1150.jpg 768w, https:\/\/gruene-reilingen.de\/wp-content\/uploads\/2024\/04\/b90g_2024_-b90g_2024_lisa-_lautenschlaeger_jed2209_pp_a_gweb-1026x1536.jpg 1026w, https:\/\/gruene-reilingen.de\/wp-content\/uploads\/2024\/04\/b90g_2024_-b90g_2024_lisa-_lautenschlaeger_jed2209_pp_a_gweb.jpg 1202w\" sizes=\"auto, (max-width: 334px) 100vw, 334px\" \/><\/figure><div class=\"wp-block-media-text__content\">\n<p>Listenplatz 3<\/p>\n\n\n\n<p><strong>Lisa Dorn<\/strong><\/p>\n\n\n\n<p>30 Jahre, verheiratet, 1 Kind<\/p>\n\n\n\n<p>p\u00e4dagogische Fachkraft (BA Erziehungswissenschaften) im Oberlin-Kindergarten<\/p>\n\n\n\n<p>Ehrenamtlich auf Freizeiten und im Jugendkreis des CVJM t\u00e4tig<\/p>\n\n\n\n<p>verbringt am liebsten Zeit mit Freunden und Familie und in der Natur<\/p>\n<\/div><\/div>\n\n\n\n<p><\/p>\n\n\n\n<div class=\"wp-block-media-text alignwide is-stacked-on-mobile\"><figure class=\"wp-block-media-text__media\"><img loading=\"lazy\" decoding=\"async\" width=\"334\" height=\"500\" src=\"https:\/\/gruene-reilingen.de\/wp-content\/uploads\/2024\/04\/Jochen_Rotter_jed2809_gweb-334x500.jpg\" alt=\"\" class=\"wp-image-2761 size-full\" srcset=\"https:\/\/gruene-reilingen.de\/wp-content\/uploads\/2024\/04\/Jochen_Rotter_jed2809_gweb-334x500.jpg 334w, https:\/\/gruene-reilingen.de\/wp-content\/uploads\/2024\/04\/Jochen_Rotter_jed2809_gweb-247x370.jpg 247w, https:\/\/gruene-reilingen.de\/wp-content\/uploads\/2024\/04\/Jochen_Rotter_jed2809_gweb-768x1150.jpg 768w, https:\/\/gruene-reilingen.de\/wp-content\/uploads\/2024\/04\/Jochen_Rotter_jed2809_gweb-1026x1536.jpg 1026w, https:\/\/gruene-reilingen.de\/wp-content\/uploads\/2024\/04\/Jochen_Rotter_jed2809_gweb.jpg 1202w\" sizes=\"auto, (max-width: 334px) 100vw, 334px\" \/><\/figure><div class=\"wp-block-media-text__content\">\n<p>Listenplatz 4<\/p>\n\n\n\n<p><strong>Jochen Rotter<\/strong><\/p>\n\n\n\n<p>43 Jahre, ledig<\/p>\n\n\n\n<p>Krankenkassenbetriebswirt<\/p>\n\n\n\n<p>Ortsverbandssprecher Reilinger Gr\u00fcne<\/p>\n\n\n\n<p>stellv. Fraktionssprecher Reilinger Gr\u00fcne<\/p>\n\n\n\n<p>Leidenschaftlicher Radfahrer<\/p>\n<\/div><\/div>\n\n\n\n<p><\/p>\n\n\n\n<div class=\"wp-block-media-text alignwide is-stacked-on-mobile\"><figure class=\"wp-block-media-text__media\"><img loading=\"lazy\" decoding=\"async\" width=\"333\" height=\"500\" src=\"https:\/\/gruene-reilingen.de\/wp-content\/uploads\/2024\/04\/b90g_2024_-b90g_2024_heike_doehren_jed1844_pp_gweb-333x500.jpg\" alt=\"\" class=\"wp-image-2751 size-full\" srcset=\"https:\/\/gruene-reilingen.de\/wp-content\/uploads\/2024\/04\/b90g_2024_-b90g_2024_heike_doehren_jed1844_pp_gweb-333x500.jpg 333w, https:\/\/gruene-reilingen.de\/wp-content\/uploads\/2024\/04\/b90g_2024_-b90g_2024_heike_doehren_jed1844_pp_gweb-247x370.jpg 247w, https:\/\/gruene-reilingen.de\/wp-content\/uploads\/2024\/04\/b90g_2024_-b90g_2024_heike_doehren_jed1844_pp_gweb-768x1152.jpg 768w, https:\/\/gruene-reilingen.de\/wp-content\/uploads\/2024\/04\/b90g_2024_-b90g_2024_heike_doehren_jed1844_pp_gweb-1024x1536.jpg 1024w, https:\/\/gruene-reilingen.de\/wp-content\/uploads\/2024\/04\/b90g_2024_-b90g_2024_heike_doehren_jed1844_pp_gweb.jpg 1200w\" sizes=\"auto, (max-width: 333px) 100vw, 333px\" \/><\/figure><div class=\"wp-block-media-text__content\">\n<p>Listenplatz 5<\/p>\n\n\n\n<p><strong>Heike D\u00f6hren<\/strong><\/p>\n\n\n\n<p>57 Jahre, verheiratet<\/p>\n\n\n\n<p>Lehrerin an der Pfingstbergschule in Mannheim<\/p>\n<\/div><\/div>\n\n\n\n<p><\/p>\n\n\n\n<div class=\"wp-block-media-text alignwide is-stacked-on-mobile\"><figure class=\"wp-block-media-text__media\"><img loading=\"lazy\" decoding=\"async\" width=\"334\" height=\"500\" src=\"https:\/\/gruene-reilingen.de\/wp-content\/uploads\/2024\/04\/Oliver_Keim_jed2551_pp_gweb-334x500.jpg\" alt=\"\" class=\"wp-image-2763 size-full\" srcset=\"https:\/\/gruene-reilingen.de\/wp-content\/uploads\/2024\/04\/Oliver_Keim_jed2551_pp_gweb-334x500.jpg 334w, https:\/\/gruene-reilingen.de\/wp-content\/uploads\/2024\/04\/Oliver_Keim_jed2551_pp_gweb-247x370.jpg 247w, https:\/\/gruene-reilingen.de\/wp-content\/uploads\/2024\/04\/Oliver_Keim_jed2551_pp_gweb-768x1150.jpg 768w, https:\/\/gruene-reilingen.de\/wp-content\/uploads\/2024\/04\/Oliver_Keim_jed2551_pp_gweb-1026x1536.jpg 1026w, https:\/\/gruene-reilingen.de\/wp-content\/uploads\/2024\/04\/Oliver_Keim_jed2551_pp_gweb.jpg 1202w\" sizes=\"auto, (max-width: 334px) 100vw, 334px\" \/><\/figure><div class=\"wp-block-media-text__content\">\n<p>Listenplatz 6<\/p>\n\n\n\n<p><strong>Oliver Keim<\/strong><\/p>\n\n\n\n<p>ledig<\/p>\n\n\n\n<p>System-Analytiker bei SAP<\/p>\n\n\n\n<p>Hobby-Ornithologe<\/p>\n\n\n\n<p>Leidenschaft f\u00fcr Barrierefreiheit, Umweltschutz, Nachhaltigkeit<\/p>\n\n\n\n<p>seit 45 Jahren im Umweltschutz aktiv<\/p>\n\n\n\n<p>&#8222;Barrierefreiheit ist ein Menschenrecht&#8220;<\/p>\n<\/div><\/div>\n\n\n\n<p><\/p>\n\n\n\n<div class=\"wp-block-media-text alignwide is-stacked-on-mobile\"><figure class=\"wp-block-media-text__media\"><img loading=\"lazy\" decoding=\"async\" width=\"334\" height=\"500\" src=\"https:\/\/gruene-reilingen.de\/wp-content\/uploads\/2024\/04\/b90g_2024_-b90g_2024_janina_poeschel_jed1745_pp_a_gweb-334x500.jpg\" alt=\"\" class=\"wp-image-2753 size-full\" srcset=\"https:\/\/gruene-reilingen.de\/wp-content\/uploads\/2024\/04\/b90g_2024_-b90g_2024_janina_poeschel_jed1745_pp_a_gweb-334x500.jpg 334w, https:\/\/gruene-reilingen.de\/wp-content\/uploads\/2024\/04\/b90g_2024_-b90g_2024_janina_poeschel_jed1745_pp_a_gweb-247x370.jpg 247w, https:\/\/gruene-reilingen.de\/wp-content\/uploads\/2024\/04\/b90g_2024_-b90g_2024_janina_poeschel_jed1745_pp_a_gweb-768x1151.jpg 768w, https:\/\/gruene-reilingen.de\/wp-content\/uploads\/2024\/04\/b90g_2024_-b90g_2024_janina_poeschel_jed1745_pp_a_gweb-1025x1536.jpg 1025w, https:\/\/gruene-reilingen.de\/wp-content\/uploads\/2024\/04\/b90g_2024_-b90g_2024_janina_poeschel_jed1745_pp_a_gweb.jpg 1201w\" sizes=\"auto, (max-width: 334px) 100vw, 334px\" \/><\/figure><div class=\"wp-block-media-text__content\">\n<p>Listenplatz 7<\/p>\n\n\n\n<p><strong>Janina Frener<\/strong><\/p>\n\n\n\n<p>35 Jahre, verheiratet<\/p>\n\n\n\n<p>Erzieherin im katholischen Kindergarten St.Josef Reilingen<\/p>\n\n\n\n<p>Vorstandsmitglied beim Verband Kita-Fachkr\u00e4fte Baden-W\u00fcrttemberg<\/p>\n\n\n\n<p>Mitglied beim Verein Reilinger Kindertag e.V.<\/p>\n\n\n\n<p>Interessen: Musicals &amp; Konzerte<\/p>\n<\/div><\/div>\n\n\n\n<p><\/p>\n\n\n\n<div class=\"wp-block-media-text alignwide is-stacked-on-mobile\"><figure class=\"wp-block-media-text__media\"><img loading=\"lazy\" decoding=\"async\" width=\"334\" height=\"500\" src=\"https:\/\/gruene-reilingen.de\/wp-content\/uploads\/2024\/04\/b90g_2024_-b90g_2024_michael_hoffmann_jed1663_pp_gweb-334x500.jpg\" alt=\"\" class=\"wp-image-2755 size-full\" srcset=\"https:\/\/gruene-reilingen.de\/wp-content\/uploads\/2024\/04\/b90g_2024_-b90g_2024_michael_hoffmann_jed1663_pp_gweb-334x500.jpg 334w, https:\/\/gruene-reilingen.de\/wp-content\/uploads\/2024\/04\/b90g_2024_-b90g_2024_michael_hoffmann_jed1663_pp_gweb-247x370.jpg 247w, https:\/\/gruene-reilingen.de\/wp-content\/uploads\/2024\/04\/b90g_2024_-b90g_2024_michael_hoffmann_jed1663_pp_gweb-768x1151.jpg 768w, https:\/\/gruene-reilingen.de\/wp-content\/uploads\/2024\/04\/b90g_2024_-b90g_2024_michael_hoffmann_jed1663_pp_gweb-1025x1536.jpg 1025w, https:\/\/gruene-reilingen.de\/wp-content\/uploads\/2024\/04\/b90g_2024_-b90g_2024_michael_hoffmann_jed1663_pp_gweb.jpg 1201w\" sizes=\"auto, (max-width: 334px) 100vw, 334px\" \/><\/figure><div class=\"wp-block-media-text__content\">\n<p>Listenplatz 8<\/p>\n\n\n\n<p><strong>Michael Hoffmann<\/strong><\/p>\n\n\n\n<p>60 Jahre, verheiratet, 2 Kinder<\/p>\n\n\n\n<p>Landwirt und Maschinenbauingenieur<\/p>\n\n\n\n<p>Aktives Mitglied der Freiwilligen Feuerwehr Reilingen<\/p>\n<\/div><\/div>\n\n\n\n<p><\/p>\n\n\n\n<div class=\"wp-block-media-text alignwide is-stacked-on-mobile\"><figure class=\"wp-block-media-text__media\"><img loading=\"lazy\" decoding=\"async\" width=\"334\" height=\"500\" src=\"https:\/\/gruene-reilingen.de\/wp-content\/uploads\/2024\/04\/Irina_Hilken_jed2383_pp_gweb-334x500.jpg\" alt=\"\" class=\"wp-image-2760 size-full\" srcset=\"https:\/\/gruene-reilingen.de\/wp-content\/uploads\/2024\/04\/Irina_Hilken_jed2383_pp_gweb-334x500.jpg 334w, https:\/\/gruene-reilingen.de\/wp-content\/uploads\/2024\/04\/Irina_Hilken_jed2383_pp_gweb-247x370.jpg 247w, https:\/\/gruene-reilingen.de\/wp-content\/uploads\/2024\/04\/Irina_Hilken_jed2383_pp_gweb-768x1150.jpg 768w, https:\/\/gruene-reilingen.de\/wp-content\/uploads\/2024\/04\/Irina_Hilken_jed2383_pp_gweb-1026x1536.jpg 1026w, https:\/\/gruene-reilingen.de\/wp-content\/uploads\/2024\/04\/Irina_Hilken_jed2383_pp_gweb.jpg 1202w\" sizes=\"auto, (max-width: 334px) 100vw, 334px\" \/><\/figure><div class=\"wp-block-media-text__content\">\n<p>Listenplatz 9<\/p>\n\n\n\n<p><strong>Irina Hilken<\/strong><\/p>\n\n\n\n<p>47 Jahre, verheiratet, 2 Kinder<\/p>\n\n\n\n<p>Polizeihauptkommisarin<\/p>\n\n\n\n<p>Gerne mit Hund in und um Reilingen unterwegs<\/p>\n<\/div><\/div>\n\n\n\n<p><\/p>\n\n\n\n<div class=\"wp-block-media-text alignwide is-stacked-on-mobile\"><figure class=\"wp-block-media-text__media\"><img loading=\"lazy\" decoding=\"async\" width=\"334\" height=\"500\" src=\"https:\/\/gruene-reilingen.de\/wp-content\/uploads\/2024\/04\/b90g_2024_-b90g_2024_herbert_nehiba_jed2163_pp_a_gweb-334x500.jpg\" alt=\"\" class=\"wp-image-2752 size-full\" srcset=\"https:\/\/gruene-reilingen.de\/wp-content\/uploads\/2024\/04\/b90g_2024_-b90g_2024_herbert_nehiba_jed2163_pp_a_gweb-334x500.jpg 334w, https:\/\/gruene-reilingen.de\/wp-content\/uploads\/2024\/04\/b90g_2024_-b90g_2024_herbert_nehiba_jed2163_pp_a_gweb-247x370.jpg 247w, https:\/\/gruene-reilingen.de\/wp-content\/uploads\/2024\/04\/b90g_2024_-b90g_2024_herbert_nehiba_jed2163_pp_a_gweb-768x1150.jpg 768w, https:\/\/gruene-reilingen.de\/wp-content\/uploads\/2024\/04\/b90g_2024_-b90g_2024_herbert_nehiba_jed2163_pp_a_gweb-1026x1536.jpg 1026w, https:\/\/gruene-reilingen.de\/wp-content\/uploads\/2024\/04\/b90g_2024_-b90g_2024_herbert_nehiba_jed2163_pp_a_gweb.jpg 1202w\" sizes=\"auto, (max-width: 334px) 100vw, 334px\" \/><\/figure><div class=\"wp-block-media-text__content\">\n<p>Listenplatz 10<\/p>\n\n\n\n<p><strong>Herbert Nehiba<\/strong><\/p>\n\n\n\n<p>56 Jahre, ledig<\/p>\n\n\n\n<p>Hausmeister bei der Gemeinde Reilingen<\/p>\n\n\n\n<p>Hobby-Ornithologe<\/p>\n\n\n\n<p>Betreuer 200 Nistk\u00e4sten auf Reilinger Gemarkung<\/p>\n<\/div><\/div>\n\n\n\n<p><\/p>\n\n\n\n<div class=\"wp-block-media-text alignwide is-stacked-on-mobile\"><figure class=\"wp-block-media-text__media\"><img loading=\"lazy\" decoding=\"async\" width=\"334\" height=\"500\" src=\"https:\/\/gruene-reilingen.de\/wp-content\/uploads\/2024\/04\/b90g_2024_-b90g_2024_carolin-hoffmann_jed1838_pp_a_gweb-334x500.jpg\" alt=\"\" class=\"wp-image-2750 size-full\" srcset=\"https:\/\/gruene-reilingen.de\/wp-content\/uploads\/2024\/04\/b90g_2024_-b90g_2024_carolin-hoffmann_jed1838_pp_a_gweb-334x500.jpg 334w, https:\/\/gruene-reilingen.de\/wp-content\/uploads\/2024\/04\/b90g_2024_-b90g_2024_carolin-hoffmann_jed1838_pp_a_gweb-247x370.jpg 247w, https:\/\/gruene-reilingen.de\/wp-content\/uploads\/2024\/04\/b90g_2024_-b90g_2024_carolin-hoffmann_jed1838_pp_a_gweb-768x1151.jpg 768w, https:\/\/gruene-reilingen.de\/wp-content\/uploads\/2024\/04\/b90g_2024_-b90g_2024_carolin-hoffmann_jed1838_pp_a_gweb-1025x1536.jpg 1025w, https:\/\/gruene-reilingen.de\/wp-content\/uploads\/2024\/04\/b90g_2024_-b90g_2024_carolin-hoffmann_jed1838_pp_a_gweb.jpg 1201w\" sizes=\"auto, (max-width: 334px) 100vw, 334px\" \/><\/figure><div class=\"wp-block-media-text__content\">\n<p>Listenplatz 11<\/p>\n\n\n\n<p><strong>Carolin Michl<\/strong><\/p>\n\n\n\n<p>30 Jahre, verheiratet<\/p>\n\n\n\n<p>Landwirtschaftsamtsfrauanw\u00e4rterin an der unteren Landwirtschaftsbeh\u00f6rde<\/p>\n\n\n\n<p>Mitglied Freiwillige Feuerwehr<\/p>\n\n\n\n<p>Gemeinder\u00e4tin<\/p>\n\n\n\n<p>Hobby: Reiten<\/p>\n<\/div><\/div>\n\n\n\n<p><\/p>\n\n\n\n<div class=\"wp-block-media-text alignwide is-stacked-on-mobile\"><figure class=\"wp-block-media-text__media\"><img loading=\"lazy\" decoding=\"async\" width=\"334\" height=\"500\" src=\"https:\/\/gruene-reilingen.de\/wp-content\/uploads\/2024\/04\/b90g_2024_-b90g_2024_thomas_brox_jed1964_pp_a_gweb-334x500.jpg\" alt=\"\" class=\"wp-image-2758 size-full\" srcset=\"https:\/\/gruene-reilingen.de\/wp-content\/uploads\/2024\/04\/b90g_2024_-b90g_2024_thomas_brox_jed1964_pp_a_gweb-334x500.jpg 334w, https:\/\/gruene-reilingen.de\/wp-content\/uploads\/2024\/04\/b90g_2024_-b90g_2024_thomas_brox_jed1964_pp_a_gweb-247x370.jpg 247w, https:\/\/gruene-reilingen.de\/wp-content\/uploads\/2024\/04\/b90g_2024_-b90g_2024_thomas_brox_jed1964_pp_a_gweb-768x1150.jpg 768w, https:\/\/gruene-reilingen.de\/wp-content\/uploads\/2024\/04\/b90g_2024_-b90g_2024_thomas_brox_jed1964_pp_a_gweb-1026x1536.jpg 1026w, https:\/\/gruene-reilingen.de\/wp-content\/uploads\/2024\/04\/b90g_2024_-b90g_2024_thomas_brox_jed1964_pp_a_gweb.jpg 1202w\" sizes=\"auto, (max-width: 334px) 100vw, 334px\" \/><\/figure><div class=\"wp-block-media-text__content\">\n<p>Listenplatz 12<\/p>\n\n\n\n<p><strong>Thomas Brox<\/strong><\/p>\n\n\n\n<p>36 Jahre, verheiratet, 3 Kinder<\/p>\n\n\n\n<p>Lehrer an der Hellbergschule Eppingen<\/p>\n\n\n\n<p>Trainer bei den Jugendhandballern des TBG<\/p>\n\n\n\n<p>Trompeter beim Posaunenchor<\/p>\n\n\n\n<p><\/p>\n<\/div><\/div>\n\n\n\n<p><\/p>\n\n\n\n<div class=\"wp-block-media-text alignwide is-stacked-on-mobile\"><figure class=\"wp-block-media-text__media\"><img loading=\"lazy\" decoding=\"async\" width=\"334\" height=\"500\" src=\"https:\/\/gruene-reilingen.de\/wp-content\/uploads\/2024\/04\/b90g_2024_-b90g_2024_uschi_troy_jed1988_pp_a_gweb-334x500.jpg\" alt=\"\" class=\"wp-image-2759 size-full\" srcset=\"https:\/\/gruene-reilingen.de\/wp-content\/uploads\/2024\/04\/b90g_2024_-b90g_2024_uschi_troy_jed1988_pp_a_gweb-334x500.jpg 334w, https:\/\/gruene-reilingen.de\/wp-content\/uploads\/2024\/04\/b90g_2024_-b90g_2024_uschi_troy_jed1988_pp_a_gweb-247x370.jpg 247w, https:\/\/gruene-reilingen.de\/wp-content\/uploads\/2024\/04\/b90g_2024_-b90g_2024_uschi_troy_jed1988_pp_a_gweb-768x1150.jpg 768w, https:\/\/gruene-reilingen.de\/wp-content\/uploads\/2024\/04\/b90g_2024_-b90g_2024_uschi_troy_jed1988_pp_a_gweb-1026x1536.jpg 1026w, https:\/\/gruene-reilingen.de\/wp-content\/uploads\/2024\/04\/b90g_2024_-b90g_2024_uschi_troy_jed1988_pp_a_gweb.jpg 1202w\" sizes=\"auto, (max-width: 334px) 100vw, 334px\" \/><\/figure><div class=\"wp-block-media-text__content\">\n<p>Listenplatz 13<\/p>\n\n\n\n<p><strong>Uschi Troy<\/strong><\/p>\n\n\n\n<p>62 Jahre, verheiratet, 2 Kinder,<\/p>\n\n\n\n<p> kaufm\u00e4nnische Angestellte in der eigenen Firma<\/p>\n\n\n\n<p>passionierte Tiersch\u00fctzerin mit Hunderudel und einem gro\u00dfen Herzen f\u00fcr alles, was kreucht und fleucht<\/p>\n<\/div><\/div>\n\n\n\n<p><\/p>\n\n\n\n<div class=\"wp-block-media-text alignwide is-stacked-on-mobile\"><figure class=\"wp-block-media-text__media\"><img loading=\"lazy\" decoding=\"async\" width=\"334\" height=\"500\" src=\"https:\/\/gruene-reilingen.de\/wp-content\/uploads\/2024\/04\/b90g_2024_-b90g_2024_sebstian_ehrstein_jed1713_pp_a_gweb-334x500.jpg\" alt=\"\" class=\"wp-image-2757 size-full\" srcset=\"https:\/\/gruene-reilingen.de\/wp-content\/uploads\/2024\/04\/b90g_2024_-b90g_2024_sebstian_ehrstein_jed1713_pp_a_gweb-334x500.jpg 334w, https:\/\/gruene-reilingen.de\/wp-content\/uploads\/2024\/04\/b90g_2024_-b90g_2024_sebstian_ehrstein_jed1713_pp_a_gweb-247x370.jpg 247w, https:\/\/gruene-reilingen.de\/wp-content\/uploads\/2024\/04\/b90g_2024_-b90g_2024_sebstian_ehrstein_jed1713_pp_a_gweb-768x1150.jpg 768w, https:\/\/gruene-reilingen.de\/wp-content\/uploads\/2024\/04\/b90g_2024_-b90g_2024_sebstian_ehrstein_jed1713_pp_a_gweb-1026x1536.jpg 1026w, https:\/\/gruene-reilingen.de\/wp-content\/uploads\/2024\/04\/b90g_2024_-b90g_2024_sebstian_ehrstein_jed1713_pp_a_gweb.jpg 1202w\" sizes=\"auto, (max-width: 334px) 100vw, 334px\" \/><\/figure><div class=\"wp-block-media-text__content\">\n<p>Listenplatz 14<\/p>\n\n\n\n<p><strong>Sebastian Ehrstein<\/strong><\/p>\n\n\n\n<p>33 Jahre, verheiratet, 2 Kinder<\/p>\n\n\n\n<p>Architekt (AIP) und Projektingenieur in einem Sachverst\u00e4ndigenb\u00fcro f\u00fcr Brandschutz<\/p>\n\n\n\n<p>Aktives Mitglied der Freiw. Feuerwehr Reilingen<\/p>\n\n\n\n<p>Interessiert an der Gestaltung von \u00f6ffentlichem Raum und St\u00e4dtebau <\/p>\n\n\n\n<p>Leidenschaftlicher Radfahrer<\/p>\n<\/div><\/div>\n\n\n\n<p><\/p>\n\n\n\n<div class=\"wp-block-media-text alignwide is-stacked-on-mobile\"><figure class=\"wp-block-media-text__media\"><img loading=\"lazy\" decoding=\"async\" width=\"335\" height=\"500\" src=\"https:\/\/gruene-reilingen.de\/wp-content\/uploads\/2024\/04\/Maren_Schulte_JED2587_pp_gweb-335x500.jpg\" alt=\"\" class=\"wp-image-2762 size-full\" srcset=\"https:\/\/gruene-reilingen.de\/wp-content\/uploads\/2024\/04\/Maren_Schulte_JED2587_pp_gweb-335x500.jpg 335w, https:\/\/gruene-reilingen.de\/wp-content\/uploads\/2024\/04\/Maren_Schulte_JED2587_pp_gweb-248x370.jpg 248w, https:\/\/gruene-reilingen.de\/wp-content\/uploads\/2024\/04\/Maren_Schulte_JED2587_pp_gweb-768x1145.jpg 768w, https:\/\/gruene-reilingen.de\/wp-content\/uploads\/2024\/04\/Maren_Schulte_JED2587_pp_gweb-1030x1536.jpg 1030w, https:\/\/gruene-reilingen.de\/wp-content\/uploads\/2024\/04\/Maren_Schulte_JED2587_pp_gweb.jpg 1207w\" sizes=\"auto, (max-width: 335px) 100vw, 335px\" \/><\/figure><div class=\"wp-block-media-text__content\">\n<p>Listenplatz 15<\/p>\n\n\n\n<p><strong>Maren Schulte<\/strong><\/p>\n\n\n\n<p>verheiratet, 2 Kinder<\/p>\n\n\n\n<p>Lehrerin am Gymnasium<\/p>\n\n\n\n<p>sportbegeistert<\/p>\n<\/div><\/div>\n\n\n\n<p><\/p>\n\n\n\n<div class=\"wp-block-media-text alignwide is-stacked-on-mobile\"><figure class=\"wp-block-media-text__media\"><img loading=\"lazy\" decoding=\"async\" width=\"334\" height=\"500\" src=\"https:\/\/gruene-reilingen.de\/wp-content\/uploads\/2024\/04\/b90g_2024_-b90g_2024_robin_ciuman_jed1911_a_gweb-334x500.jpg\" alt=\"\" class=\"wp-image-2756 size-full\" srcset=\"https:\/\/gruene-reilingen.de\/wp-content\/uploads\/2024\/04\/b90g_2024_-b90g_2024_robin_ciuman_jed1911_a_gweb-334x500.jpg 334w, https:\/\/gruene-reilingen.de\/wp-content\/uploads\/2024\/04\/b90g_2024_-b90g_2024_robin_ciuman_jed1911_a_gweb-247x370.jpg 247w, https:\/\/gruene-reilingen.de\/wp-content\/uploads\/2024\/04\/b90g_2024_-b90g_2024_robin_ciuman_jed1911_a_gweb-768x1151.jpg 768w, https:\/\/gruene-reilingen.de\/wp-content\/uploads\/2024\/04\/b90g_2024_-b90g_2024_robin_ciuman_jed1911_a_gweb-1025x1536.jpg 1025w, https:\/\/gruene-reilingen.de\/wp-content\/uploads\/2024\/04\/b90g_2024_-b90g_2024_robin_ciuman_jed1911_a_gweb.jpg 1201w\" sizes=\"auto, (max-width: 334px) 100vw, 334px\" \/><\/figure><div class=\"wp-block-media-text__content\">\n<p>Listenplatz 16<\/p>\n\n\n\n<p><strong>Robin Ciuman<\/strong><\/p>\n\n\n\n<p>25 Jahre<\/p>\n\n\n\n<p>User Experience Writer bei einem Internetdienstleister<\/p>\n\n\n\n<p>B.A. Medien- und Kommunikationswissenschaft in Mannheim<\/p>\n\n\n\n<p>Vorstandsmitglied bei den AMICI Reilingen-Mezzago<\/p>\n\n\n\n<p>Videoproduktion und -schnitt in der Freizeit <\/p>\n<\/div><\/div>\n\n\n\n<p><\/p>\n\n\n\n<div class=\"wp-block-media-text alignwide is-stacked-on-mobile\"><figure class=\"wp-block-media-text__media\"><img loading=\"lazy\" decoding=\"async\" width=\"334\" height=\"500\" src=\"https:\/\/gruene-reilingen.de\/wp-content\/uploads\/2024\/04\/Susi_Fraser_jed2452_pp_gweb-334x500.jpg\" alt=\"\" class=\"wp-image-2765 size-full\" srcset=\"https:\/\/gruene-reilingen.de\/wp-content\/uploads\/2024\/04\/Susi_Fraser_jed2452_pp_gweb-334x500.jpg 334w, https:\/\/gruene-reilingen.de\/wp-content\/uploads\/2024\/04\/Susi_Fraser_jed2452_pp_gweb-247x370.jpg 247w, https:\/\/gruene-reilingen.de\/wp-content\/uploads\/2024\/04\/Susi_Fraser_jed2452_pp_gweb-768x1150.jpg 768w, https:\/\/gruene-reilingen.de\/wp-content\/uploads\/2024\/04\/Susi_Fraser_jed2452_pp_gweb-1026x1536.jpg 1026w, https:\/\/gruene-reilingen.de\/wp-content\/uploads\/2024\/04\/Susi_Fraser_jed2452_pp_gweb.jpg 1202w\" sizes=\"auto, (max-width: 334px) 100vw, 334px\" \/><\/figure><div class=\"wp-block-media-text__content\">\n<p>Listenplatz 17<\/p>\n\n\n\n<p><strong>Susanne Fraser<\/strong><\/p>\n\n\n\n<p>38 Jahre, verheiratet, 2 Kinder<\/p>\n\n\n\n<p>Vertriebskoordinatorin im Personalwesen<\/p>\n\n\n\n<p>Mitglied im Kindergarten-Elternbeirat<\/p>\n\n\n\n<p>Oft in meinem bienenfreundlichen Garten zu finden<\/p>\n<\/div><\/div>\n\n\n\n<p><\/p>\n\n\n\n<div class=\"wp-block-media-text alignwide is-stacked-on-mobile\"><figure class=\"wp-block-media-text__media\"><img loading=\"lazy\" decoding=\"async\" width=\"338\" height=\"500\" src=\"https:\/\/gruene-reilingen.de\/wp-content\/uploads\/2024\/04\/anna-lena-gefaeller_jed2675_pp_gweb-338x500.jpg\" alt=\"\" class=\"wp-image-2749 size-full\" srcset=\"https:\/\/gruene-reilingen.de\/wp-content\/uploads\/2024\/04\/anna-lena-gefaeller_jed2675_pp_gweb-338x500.jpg 338w, https:\/\/gruene-reilingen.de\/wp-content\/uploads\/2024\/04\/anna-lena-gefaeller_jed2675_pp_gweb-250x370.jpg 250w, https:\/\/gruene-reilingen.de\/wp-content\/uploads\/2024\/04\/anna-lena-gefaeller_jed2675_pp_gweb-768x1136.jpg 768w, https:\/\/gruene-reilingen.de\/wp-content\/uploads\/2024\/04\/anna-lena-gefaeller_jed2675_pp_gweb-1039x1536.jpg 1039w, https:\/\/gruene-reilingen.de\/wp-content\/uploads\/2024\/04\/anna-lena-gefaeller_jed2675_pp_gweb.jpg 1217w\" sizes=\"auto, (max-width: 338px) 100vw, 338px\" \/><\/figure><div class=\"wp-block-media-text__content\">\n<p>Listenplatz 18<\/p>\n\n\n\n<p><strong>Anna-Lena Gef\u00e4ller<\/strong><\/p>\n\n\n\n<p>34 Jahre, verheiratet, 1 Kind<\/p>\n\n\n\n<p>Referentin im Ministerium f\u00fcr Finanzen Baden-W\u00fcrttemberg<\/p>\n\n\n\n<p>f\u00fcr alles zu haben, was mit Sport und Natur zu tun hat<\/p>\n<\/div><\/div>\n","protected":false},"excerpt":{"rendered":"<p>F\u00fcr heute, f\u00fcr morgen, f\u00fcr Reilingen Unsere Gemeinderatskandidatinnen und -kandidaten f\u00fcr Reilingen Listenplatz 1 Anna-Lena Becker 40 Jahre, verheiratet, 2 Kinder selbst\u00e4ndig im Souvenir-Einzelhandel Ortsverbandssprecherin Reilinger Gr\u00fcne Mitglied CVJM Reilingen [&hellip;]<\/p>\n","protected":false},"author":2,"featured_media":0,"parent":0,"menu_order":21,"comment_status":"closed","ping_status":"closed","template":"","meta":{"footnotes":""},"class_list":["post-90","page","type-page","status-publish","hentry"],"yoast_head":"<!-- This site is optimized with the Yoast SEO plugin v27.5 - https:\/\/yoast.com\/product\/yoast-seo-wordpress\/ -->\n<title>Kandidatinnen und Kandidaten - B\u00dcNDNIS 90\/DIE GR\u00dcNEN REILINGEN<\/title>\n<meta name=\"robots\" content=\"index, follow, max-snippet:-1, max-image-preview:large, max-video-preview:-1\" \/>\n<link rel=\"canonical\" href=\"https:\/\/gruene-reilingen.de\/?page_id=90\" \/>\n<meta property=\"og:locale\" content=\"de_DE\" \/>\n<meta property=\"og:type\" content=\"article\" \/>\n<meta property=\"og:title\" content=\"Kandidatinnen und Kandidaten - B\u00dcNDNIS 90\/DIE GR\u00dcNEN REILINGEN\" \/>\n<meta property=\"og:description\" content=\"F\u00fcr heute, f\u00fcr morgen, f\u00fcr Reilingen Unsere Gemeinderatskandidatinnen und -kandidaten f\u00fcr Reilingen Listenplatz 1 Anna-Lena Becker 40 Jahre, verheiratet, 2 Kinder selbst\u00e4ndig im Souvenir-Einzelhandel Ortsverbandssprecherin Reilinger Gr\u00fcne Mitglied CVJM Reilingen [&hellip;]\" \/>\n<meta property=\"og:url\" content=\"https:\/\/gruene-reilingen.de\/?page_id=90\" \/>\n<meta property=\"og:site_name\" content=\"B\u00dcNDNIS 90\/DIE GR\u00dcNEN REILINGEN\" \/>\n<meta property=\"article:modified_time\" content=\"2024-05-22T10:28:23+00:00\" \/>\n<meta property=\"og:image\" content=\"https:\/\/gruene-reilingen.de\/wp-content\/uploads\/2024\/04\/b90g_2024_-b90g_2024_anna-lena_becker_jed2106_pp_a_gweb-334x500.jpg\" \/>\n<meta name=\"twitter:card\" content=\"summary_large_image\" \/>\n<meta name=\"twitter:label1\" content=\"Gesch\u00e4tzte Lesezeit\" \/>\n\t<meta name=\"twitter:data1\" content=\"7\u00a0Minuten\" \/>\n<script type=\"application\/ld+json\" class=\"yoast-schema-graph\">{\"@context\":\"https:\\\/\\\/schema.org\",\"@graph\":[{\"@type\":\"WebPage\",\"@id\":\"https:\\\/\\\/gruene-reilingen.de\\\/?page_id=90\",\"url\":\"https:\\\/\\\/gruene-reilingen.de\\\/?page_id=90\",\"name\":\"Kandidatinnen und Kandidaten - B\u00dcNDNIS 90\\\/DIE GR\u00dcNEN REILINGEN\",\"isPartOf\":{\"@id\":\"https:\\\/\\\/gruene-reilingen.de\\\/#website\"},\"primaryImageOfPage\":{\"@id\":\"https:\\\/\\\/gruene-reilingen.de\\\/?page_id=90#primaryimage\"},\"image\":{\"@id\":\"https:\\\/\\\/gruene-reilingen.de\\\/?page_id=90#primaryimage\"},\"thumbnailUrl\":\"https:\\\/\\\/gruene-reilingen.de\\\/wp-content\\\/uploads\\\/2024\\\/04\\\/b90g_2024_-b90g_2024_anna-lena_becker_jed2106_pp_a_gweb-334x500.jpg\",\"datePublished\":\"2014-04-14T01:26:57+00:00\",\"dateModified\":\"2024-05-22T10:28:23+00:00\",\"breadcrumb\":{\"@id\":\"https:\\\/\\\/gruene-reilingen.de\\\/?page_id=90#breadcrumb\"},\"inLanguage\":\"de\",\"potentialAction\":[{\"@type\":\"ReadAction\",\"target\":[\"https:\\\/\\\/gruene-reilingen.de\\\/?page_id=90\"]}]},{\"@type\":\"ImageObject\",\"inLanguage\":\"de\",\"@id\":\"https:\\\/\\\/gruene-reilingen.de\\\/?page_id=90#primaryimage\",\"url\":\"https:\\\/\\\/gruene-reilingen.de\\\/wp-content\\\/uploads\\\/2024\\\/04\\\/b90g_2024_-b90g_2024_anna-lena_becker_jed2106_pp_a_gweb.jpg\",\"contentUrl\":\"https:\\\/\\\/gruene-reilingen.de\\\/wp-content\\\/uploads\\\/2024\\\/04\\\/b90g_2024_-b90g_2024_anna-lena_becker_jed2106_pp_a_gweb.jpg\",\"width\":1201,\"height\":1800},{\"@type\":\"BreadcrumbList\",\"@id\":\"https:\\\/\\\/gruene-reilingen.de\\\/?page_id=90#breadcrumb\",\"itemListElement\":[{\"@type\":\"ListItem\",\"position\":1,\"name\":\"Startseite\",\"item\":\"https:\\\/\\\/gruene-reilingen.de\\\/\"},{\"@type\":\"ListItem\",\"position\":2,\"name\":\"Kandidatinnen und Kandidaten\"}]},{\"@type\":\"WebSite\",\"@id\":\"https:\\\/\\\/gruene-reilingen.de\\\/#website\",\"url\":\"https:\\\/\\\/gruene-reilingen.de\\\/\",\"name\":\"B\u00dcNDNIS 90\\\/DIE GR\u00dcNEN REILINGEN\",\"description\":\"\",\"potentialAction\":[{\"@type\":\"SearchAction\",\"target\":{\"@type\":\"EntryPoint\",\"urlTemplate\":\"https:\\\/\\\/gruene-reilingen.de\\\/?s={search_term_string}\"},\"query-input\":{\"@type\":\"PropertyValueSpecification\",\"valueRequired\":true,\"valueName\":\"search_term_string\"}}],\"inLanguage\":\"de\"}]}<\/script>\n<!-- \/ Yoast SEO plugin. -->","yoast_head_json":{"title":"Kandidatinnen und Kandidaten - B\u00dcNDNIS 90\/DIE GR\u00dcNEN REILINGEN","robots":{"index":"index","follow":"follow","max-snippet":"max-snippet:-1","max-image-preview":"max-image-preview:large","max-video-preview":"max-video-preview:-1"},"canonical":"https:\/\/gruene-reilingen.de\/?page_id=90","og_locale":"de_DE","og_type":"article","og_title":"Kandidatinnen und Kandidaten - B\u00dcNDNIS 90\/DIE GR\u00dcNEN REILINGEN","og_description":"F\u00fcr heute, f\u00fcr morgen, f\u00fcr Reilingen Unsere Gemeinderatskandidatinnen und -kandidaten f\u00fcr Reilingen Listenplatz 1 Anna-Lena Becker 40 Jahre, verheiratet, 2 Kinder selbst\u00e4ndig im Souvenir-Einzelhandel Ortsverbandssprecherin Reilinger Gr\u00fcne Mitglied CVJM Reilingen [&hellip;]","og_url":"https:\/\/gruene-reilingen.de\/?page_id=90","og_site_name":"B\u00dcNDNIS 90\/DIE GR\u00dcNEN REILINGEN","article_modified_time":"2024-05-22T10:28:23+00:00","og_image":[{"url":"https:\/\/gruene-reilingen.de\/wp-content\/uploads\/2024\/04\/b90g_2024_-b90g_2024_anna-lena_becker_jed2106_pp_a_gweb-334x500.jpg","type":"","width":"","height":""}],"twitter_card":"summary_large_image","twitter_misc":{"Gesch\u00e4tzte Lesezeit":"7\u00a0Minuten"},"schema":{"@context":"https:\/\/schema.org","@graph":[{"@type":"WebPage","@id":"https:\/\/gruene-reilingen.de\/?page_id=90","url":"https:\/\/gruene-reilingen.de\/?page_id=90","name":"Kandidatinnen und Kandidaten - B\u00dcNDNIS 90\/DIE GR\u00dcNEN REILINGEN","isPartOf":{"@id":"https:\/\/gruene-reilingen.de\/#website"},"primaryImageOfPage":{"@id":"https:\/\/gruene-reilingen.de\/?page_id=90#primaryimage"},"image":{"@id":"https:\/\/gruene-reilingen.de\/?page_id=90#primaryimage"},"thumbnailUrl":"https:\/\/gruene-reilingen.de\/wp-content\/uploads\/2024\/04\/b90g_2024_-b90g_2024_anna-lena_becker_jed2106_pp_a_gweb-334x500.jpg","datePublished":"2014-04-14T01:26:57+00:00","dateModified":"2024-05-22T10:28:23+00:00","breadcrumb":{"@id":"https:\/\/gruene-reilingen.de\/?page_id=90#breadcrumb"},"inLanguage":"de","potentialAction":[{"@type":"ReadAction","target":["https:\/\/gruene-reilingen.de\/?page_id=90"]}]},{"@type":"ImageObject","inLanguage":"de","@id":"https:\/\/gruene-reilingen.de\/?page_id=90#primaryimage","url":"https:\/\/gruene-reilingen.de\/wp-content\/uploads\/2024\/04\/b90g_2024_-b90g_2024_anna-lena_becker_jed2106_pp_a_gweb.jpg","contentUrl":"https:\/\/gruene-reilingen.de\/wp-content\/uploads\/2024\/04\/b90g_2024_-b90g_2024_anna-lena_becker_jed2106_pp_a_gweb.jpg","width":1201,"height":1800},{"@type":"BreadcrumbList","@id":"https:\/\/gruene-reilingen.de\/?page_id=90#breadcrumb","itemListElement":[{"@type":"ListItem","position":1,"name":"Startseite","item":"https:\/\/gruene-reilingen.de\/"},{"@type":"ListItem","position":2,"name":"Kandidatinnen und Kandidaten"}]},{"@type":"WebSite","@id":"https:\/\/gruene-reilingen.de\/#website","url":"https:\/\/gruene-reilingen.de\/","name":"B\u00dcNDNIS 90\/DIE GR\u00dcNEN REILINGEN","description":"","potentialAction":[{"@type":"SearchAction","target":{"@type":"EntryPoint","urlTemplate":"https:\/\/gruene-reilingen.de\/?s={search_term_string}"},"query-input":{"@type":"PropertyValueSpecification","valueRequired":true,"valueName":"search_term_string"}}],"inLanguage":"de"}]}},"_links":{"self":[{"href":"https:\/\/gruene-reilingen.de\/index.php?rest_route=\/wp\/v2\/pages\/90","targetHints":{"allow":["GET"]}}],"collection":[{"href":"https:\/\/gruene-reilingen.de\/index.php?rest_route=\/wp\/v2\/pages"}],"about":[{"href":"https:\/\/gruene-reilingen.de\/index.php?rest_route=\/wp\/v2\/types\/page"}],"author":[{"embeddable":true,"href":"https:\/\/gruene-reilingen.de\/index.php?rest_route=\/wp\/v2\/users\/2"}],"replies":[{"embeddable":true,"href":"https:\/\/gruene-reilingen.de\/index.php?rest_route=%2Fwp%2Fv2%2Fcomments&post=90"}],"version-history":[{"count":103,"href":"https:\/\/gruene-reilingen.de\/index.php?rest_route=\/wp\/v2\/pages\/90\/revisions"}],"predecessor-version":[{"id":2879,"href":"https:\/\/gruene-reilingen.de\/index.php?rest_route=\/wp\/v2\/pages\/90\/revisions\/2879"}],"wp:attachment":[{"href":"https:\/\/gruene-reilingen.de\/index.php?rest_route=%2Fwp%2Fv2%2Fmedia&parent=90"}],"curies":[{"name":"wp","href":"https:\/\/api.w.org\/{rel}","templated":true}]}}